{"version":"1.0","provider_name":"A term\u00e9szet ereje","provider_url":"https:\/\/celajoelet.cafeblog.hu","author_name":"Skandar Graun","author_url":"https:\/\/celajoelet.cafeblog.hu\/author\/skandar_graun\/","title":"Fogy\u00e1sprogram 2. h\u00e9t","html":"<p>Ezen a h\u00e9ten nem t\u00f6rt\u00e9nt v\u00e1ltoz\u00e1s a s\u00falyomban. Plusz tapasztalattal nem gyarapodtam a h\u00e9ten. A k\u00far\u00e1t t\u00f6retlen\u00fcl folytatom tov\u00e1bb.<\/p>\r\n<p>Puszt\u00e1n arra j\u00f6ttem r\u00e1, hogy remek\u00fcl vagyok, emellett j\u00f3kat eszem, nem \u00e9hezem egy\u00e1ltal\u00e1n. Rendk\u00edv\u00fcli m\u00f3don \u00e9lvezem az eg\u00e9szet, mivel mint eml\u00edtettem m\u00e1r, j\u00f3kat eszem. Nem \u00e9rzek az \u00e9tkez\u00e9sek k\u00f6z\u00f6tt \u00e9hs\u00e9get, pedig r\u00e9gebben alig p\u00e1r \u00f3r\u00e1val ak\u00e1rmelyik \u00e9tkez\u00e9s ut\u00e1n sokszor mardos\u00f3 \u00e9hs\u00e9gem volt. Az sem utols\u00f3 szempont, hogy eg\u00e9szs\u00e9gem remek form\u00e1ban van, semmilyen rossz tapasztalatom nincsen.<\/p>\r\n<p>Az mindenesetre j\u00f3l esett, hogy egy ismer\u0151s\u00f6m aki r\u00e9gebben l\u00e1tott, megk\u00e9rdezte: -Fogyt\u00e1l?- Term\u00e9szetesen erre azt tudtam mondani, hogy: -Igen!- Szeretn\u00e9m, ha sok embernek jutna hasonl\u00f3 \u00e9lm\u00e9ny! Aki erre v\u00e1gyik, annak jelen soraim rem\u00e9lem seg\u00edtenek, valamint r\u00e9gebbi ebben a t\u00e9m\u00e1ban \u00edrt tapasztalataim is. J\u00f3magam is sz\u00edvesen seg\u00edtek szem\u00e9lyesen is b\u00e1rkinek, aki hasonl\u00f3 \u00e9lm\u00e9nyeket akar mag\u00e1nak.<\/p>\r\n<p>Mindenkinek hasonl\u00f3 \u00e9lm\u00e9nyeket k\u00edv\u00e1nok \u00e9s <em><strong>egy\u00fck magunkat eg\u00e9szs\u00e9gesre!<\/strong><\/em><\/p>\r\n<p>&nbsp;<\/p>","type":"rich"}